{"id":7,"date":"2013-02-14T10:21:37","date_gmt":"2013-02-14T10:21:37","guid":{"rendered":"http:\/\/localhost\/wordpress\/medicenter\/?page_id=7"},"modified":"2023-01-06T17:57:48","modified_gmt":"2023-01-06T17:57:48","slug":"congregation","status":"publish","type":"page","link":"https:\/\/moscati.org\/index.php\/congregation\/","title":{"rendered":"Congr\u00e9gation"},"content":{"rendered":"<section class=\"wpb-content-wrapper\"><p>[vc_row top_margin=\u00a0\u00bbpage-margin-top\u00a0\u00bb el_position=\u00a0\u00bbfirst\u00a0\u00bb][vc_column width=\u00a0\u00bb1\/2&Prime;]<div class=\"gallery-box small-slider hover-icons-off\"><ul class=\"image-carousel small_slider id-small_slider autoplay-1 pause_on_hover-1 scroll-1 effect-scroll easing-easeInOutQuint duration-750\"><li><img loading=\"lazy\" decoding=\"async\" width=\"570\" height=\"380\" src=\"https:\/\/moscati.org\/wp-content\/uploads\/2022\/11\/moscati_2.jpg\" class=\"attachment-medicenter-gallery-image size-medicenter-gallery-image\" alt=\"\" srcset=\"https:\/\/moscati.org\/wp-content\/uploads\/2022\/11\/moscati_2.jpg 570w, https:\/\/moscati.org\/wp-content\/uploads\/2022\/11\/moscati_2-300x200.jpg 300w, https:\/\/moscati.org\/wp-content\/uploads\/2022\/11\/moscati_2-480x320.jpg 480w, https:\/\/moscati.org\/wp-content\/uploads\/2022\/11\/moscati_2-390x260.jpg 390w, https:\/\/moscati.org\/wp-content\/uploads\/2022\/11\/moscati_2-285x190.jpg 285w\" sizes=\"auto, (max-width: 570px) 100vw, 570px\" \/><ul class=\"controls\">\n\t\t\t\t<li>\n\t\t\t\t\t<a href=\"https:\/\/moscati.org\/wp-content\/uploads\/2022\/11\/moscati_2.jpg\" class=\"template-plus-2 fancybox open-lightbox\" rel=\"small_slider[small_slider]\"><\/a>\n\t\t\t\t<\/li>\n\t\t\t<\/ul>\n\t\t<\/li><li><img loading=\"lazy\" decoding=\"async\" width=\"570\" height=\"380\" src=\"https:\/\/moscati.org\/wp-content\/uploads\/2022\/11\/moscati_1.jpg\" class=\"attachment-medicenter-gallery-image size-medicenter-gallery-image\" alt=\"\" srcset=\"https:\/\/moscati.org\/wp-content\/uploads\/2022\/11\/moscati_1.jpg 570w, https:\/\/moscati.org\/wp-content\/uploads\/2022\/11\/moscati_1-300x200.jpg 300w, https:\/\/moscati.org\/wp-content\/uploads\/2022\/11\/moscati_1-480x320.jpg 480w, https:\/\/moscati.org\/wp-content\/uploads\/2022\/11\/moscati_1-390x260.jpg 390w, https:\/\/moscati.org\/wp-content\/uploads\/2022\/11\/moscati_1-285x190.jpg 285w\" sizes=\"auto, (max-width: 570px) 100vw, 570px\" \/><ul class=\"controls\">\n\t\t\t\t<li>\n\t\t\t\t\t<a href=\"https:\/\/moscati.org\/wp-content\/uploads\/2022\/11\/moscati_1.jpg\" class=\"template-plus-2 fancybox open-lightbox\" rel=\"small_slider[small_slider]\"><\/a>\n\t\t\t\t<\/li>\n\t\t\t<\/ul>\n\t\t<\/li><\/ul><\/div>[\/vc_column][vc_column width=\u00a0\u00bb1\/2&Prime;]<h2 class=\"box-header animation-slide\">Biographie de saint Joseph MOSCATI<\/h2>[vc_column_text]<\/p>\n<p style=\"text-align: justify;\">L\u2019H\u00f4pital Catholique Saint Joseph MOSCATI, comme son nom l\u2019indique est plac\u00e9e sous la protection de St Joseph MOSCATI.<\/p>\n<p style=\"text-align: justify;\"><strong>Mais qui est Saint Joseph MOSCATI\u00a0?<\/strong><br \/>\nN\u00e9 le 25 juillet 1880 \u00e0 B\u00e9n\u00e9vent, en Italie, dans la r\u00e9gion de Naples, il fit de brillantes \u00e9tudes en m\u00e9decine et exer\u00e7a consciencieusement sa carri\u00e8re de m\u00e9decin, alliant ses profondes connaissances de la science \u00e0 sa grande foi. Ses patients pr\u00e9f\u00e9r\u00e9s \u00e9taient surtout les pauvres, qu\u2019il soignait avec une grande affection \u00e0 ses propres frais, n\u2019acceptant d\u2019eux aucune r\u00e9tribution, ou leur restituant discr\u00e8tement l\u2019argent qu\u2019il recevait d\u2019eux.<\/p>\n<p style=\"text-align: justify;\">Il passait ses journ\u00e9es entre l\u2019enseignement universitaire, le travail hospitalier, les consultations chez lui et les visites \u00e0 domicile, activit\u00e9s qui finirent par fragiliser sa sant\u00e9. C\u2019est ainsi que le 12 avril 1927, apr\u00e8s avoir men\u00e9 ses activit\u00e9s habituelles, il s\u2019\u00e9teindra paisiblement dans son fauteuil, aux environs de 15h.<\/p>\n<p>[\/vc_column_text][\/vc_column][\/vc_row][vc_row top_margin=\u00a0\u00bbpage-margin-top\u00a0\u00bb el_position=\u00a0\u00bbfirst\u00a0\u00bb][vc_column][vc_column_text]<\/p>\n<p style=\"text-align: justify;\">Il sera canonis\u00e9 par le Pape Jean-Paul II, le 25 octobre 1987 et est f\u00eat\u00e9 le 16 novembre.En le choisissant comme Saint Patron de l\u2019H\u00f4pital, \u0153uvre sociale rattach\u00e9e \u00e0 la Basilique Notre Dame de la Paix, don de feu le Pr\u00e9sident F\u00e9lix Houphou\u00ebt BOIGNI, g\u00e9n\u00e9reux donateur, les responsables ont voulu le proposer comme mod\u00e8le et exemple de vie pour tout le personnel de l\u2019h\u00f4pital.<\/p>\n<p style=\"text-align: justify;\">Puisse son exemple stimuler tout le personnel de l\u2019h\u00f4pital, en inspirant leur agir et toutes leurs attitudes dans le service de leurs fr\u00e8res et s\u0153urs.<\/p>\n<p>[\/vc_column_text][\/vc_column][\/vc_row][vc_row top_margin=\u00a0\u00bbpage-margin-top\u00a0\u00bb el_position=\u00a0\u00bbfirst\u00a0\u00bb][vc_column width=\u00a0\u00bb1\/2&Prime;]<h2 class=\"box-header animation-slide\">Vie de saint camille de lellis<\/h2>[vc_column_text]<\/p>\n<p style=\"text-align: justify;\">Saint Camille de LELLIS est le Saint \u00e0 qui est d\u00e9di\u00e9 la chapelle de l\u2019H\u00f4pital Saint Joseph MOSCATI.<\/p>\n<p style=\"text-align: justify;\">Pourquoi un deuxi\u00e8me saint pour l\u2019h\u00f4pital et qui est Saint Camille de LELLIS\u00a0?<br \/>\nSaint Camille de LELLIS est le Saint Fondateur des Religieux Ministres des Infirmes, commun\u00e9ment appel\u00e9s \u00ab Camilliens \u00bb, gestionnaires de l\u2019h\u00f4pital Saint Joseph MOSCATI.<\/p>\n<p style=\"text-align: justify;\">Camille de LELLIS est n\u00e9 le 25 Mai 1550 en Italie, \u00e0 Bucchianico, dans les Abruzzes ; apr\u00e8s avoir men\u00e9 une vie dissip\u00e9e dans les jeux de hasard o\u00f9 il perd tout, il se convertit \u00e0 l\u2019\u00e2ge de 25ans et voua d\u00e8s lors tout le reste de sa vie au service des malades qui \u00e9taient \u00e0 l\u2019\u00e9poque mal trait\u00e9s dans les h\u00f4pitaux. Il contribua ainsi \u00e0 r\u00e9former le domaine de la sant\u00e9. Il fonda l\u2019Ordre des clercs r\u00e9guliers, les Ministres des infirmes, qui \u00e0 sa suite et ce jusqu\u2019\u00e0 nos jours poursuivent son \u0153uvre, essayant d\u2019humaniser le monde de la sant\u00e9, \u00e0 travers les soins corporels et spirituels et en inculquant au personnel soignant un service des malades selon l\u2019Evangile.<\/p>\n<p>[\/vc_column_text][\/vc_column][vc_column width=\u00a0\u00bb1\/2&Prime;]<div class=\"gallery-box small-slider hover-icons-off\"><ul class=\"image-carousel small_slider id-small_slider autoplay-1 pause_on_hover-1 scroll-1 effect-scroll easing-easeInOutQuint duration-750\"><li><img loading=\"lazy\" decoding=\"async\" width=\"570\" height=\"380\" src=\"https:\/\/moscati.org\/wp-content\/uploads\/2022\/11\/st_camille1.jpg\" class=\"attachment-medicenter-gallery-image size-medicenter-gallery-image\" alt=\"\" srcset=\"https:\/\/moscati.org\/wp-content\/uploads\/2022\/11\/st_camille1.jpg 570w, https:\/\/moscati.org\/wp-content\/uploads\/2022\/11\/st_camille1-300x200.jpg 300w, https:\/\/moscati.org\/wp-content\/uploads\/2022\/11\/st_camille1-480x320.jpg 480w, https:\/\/moscati.org\/wp-content\/uploads\/2022\/11\/st_camille1-390x260.jpg 390w, https:\/\/moscati.org\/wp-content\/uploads\/2022\/11\/st_camille1-285x190.jpg 285w\" sizes=\"auto, (max-width: 570px) 100vw, 570px\" \/><ul class=\"controls\">\n\t\t\t\t<li>\n\t\t\t\t\t<a href=\"https:\/\/moscati.org\/wp-content\/uploads\/2022\/11\/st_camille1.jpg\" class=\"template-plus-2 fancybox open-lightbox\" rel=\"small_slider[small_slider]\"><\/a>\n\t\t\t\t<\/li>\n\t\t\t<\/ul>\n\t\t<\/li><li><img loading=\"lazy\" decoding=\"async\" width=\"570\" height=\"380\" src=\"https:\/\/moscati.org\/wp-content\/uploads\/2022\/11\/st_camille2.jpg\" class=\"attachment-medicenter-gallery-image size-medicenter-gallery-image\" alt=\"\" srcset=\"https:\/\/moscati.org\/wp-content\/uploads\/2022\/11\/st_camille2.jpg 570w, https:\/\/moscati.org\/wp-content\/uploads\/2022\/11\/st_camille2-300x200.jpg 300w, https:\/\/moscati.org\/wp-content\/uploads\/2022\/11\/st_camille2-480x320.jpg 480w, https:\/\/moscati.org\/wp-content\/uploads\/2022\/11\/st_camille2-390x260.jpg 390w, https:\/\/moscati.org\/wp-content\/uploads\/2022\/11\/st_camille2-285x190.jpg 285w\" sizes=\"auto, (max-width: 570px) 100vw, 570px\" \/><ul class=\"controls\">\n\t\t\t\t<li>\n\t\t\t\t\t<a href=\"https:\/\/moscati.org\/wp-content\/uploads\/2022\/11\/st_camille2.jpg\" class=\"template-plus-2 fancybox open-lightbox\" rel=\"small_slider[small_slider]\"><\/a>\n\t\t\t\t<\/li>\n\t\t\t<\/ul>\n\t\t<\/li><\/ul><\/div>[\/vc_column][\/vc_row][vc_row top_margin=\u00a0\u00bbpage-margin-top\u00a0\u00bb el_position=\u00a0\u00bbfirst\u00a0\u00bb][vc_column][vc_column_text]<\/p>\n<p style=\"text-align: justify;\">Mort \u00e0 Rome le 14 Juillet 1614, il sera canonis\u00e9 par le Pape Benoit XIV en 1746 et proclam\u00e9 Patron des malades par le Pape L\u00e9on XIII en 1886 puis Patron du Personnel des H\u00f4pital par le Pape Pie XI en 1930.<\/p>\n<p style=\"text-align: justify;\">Aussi, c\u2019est en son honneur, que la chapelle de l\u2019h\u00f4pital lui est d\u00e9di\u00e9e.<\/p>\n<p style=\"text-align: center;\"><em><strong>La spiritualit\u00e9 qui soutend l\u2019\u0153uvre des Camilliens<\/strong><\/em><\/p>\n<p style=\"text-align: justify;\">L\u2019\u0153uvre de Camille au service des personnes qui souffrent appara\u00eet comme une authentique \u00e9cole de charit\u00e9, et le Pape Beno\u00eet XV reconna\u00eetra la nouveaut\u00e9 du service rendu avec amour et comp\u00e9tence, c\u2019est-\u00e0-dire en associant aux connaissances scientifiques et techniques des gestes et des attitudes riches de cette humanit\u00e9 attentive et pleine de sollicitude qui a ses racines dans l\u2019Evangile. Dans les \u00ab\u00a0Dispositions et modes que l\u2019on doit suivre dans les h\u00f4pitaux pour servir les pauvres infirmes\u00a0\u00bb, qu\u2019il r\u00e9digea en 1584, il propose des indications et des intuitions qui seront reprises en grande partie par la science des soins infirmiers de nos jours. Il soutient l\u2019importance de consid\u00e9rer avec attention et respect toutes les dimensions du malade, de la dimension physique et \u00e9motive, \u00e0 la dimension sociale et spirituelle. Dans un passage c\u00e9l\u00e8bre des R\u00e8gles, il invite \u00e0 demander au Seigneur la gr\u00e2ce \u00ab\u00a0d\u2019une affection maternelle envers son prochain\u00a0\u00bb de fa\u00e7on \u00e0 \u00ab\u00a0pouvoir le servir avec toute charit\u00e9, dans l\u2019\u00e2me comme dans le corps. En effet, avec la gr\u00e2ce de Dieu, les Camilliens d\u00e9sirent servir les infirmes avec l\u2019affection qu\u2019une m\u00e8re aimante a l\u2019habitude d\u2019avoir envers son unique fils malade\u00a0\u00bb.<\/p>\n<p style=\"text-align: justify;\">\u00c0 travers son exemple, Saint Camille enseigne surtout \u00e0 faire du service aux malades une intense exp\u00e9rience de Dieu, qui conduit \u00e0 chercher constamment le Seigneur dans la pri\u00e8re et dans les sacrements. Sa vie semble reproduire le geste de la femme rapport\u00e9 par l\u2019Evangile de saint Jean (cf. 12, 3). Il verse lui aussi sur les pieds de J\u00e9sus, pr\u00e9sent chez ceux qui souffrent, l\u2019onguent pr\u00e9cieux de la charit\u00e9 mis\u00e9ricordieuse, en inondant toute l\u2019Eglise et la soci\u00e9t\u00e9 du parfum de son ardeur apostolique et de sa spiritualit\u00e9. Son t\u00e9moignage constitue encore aujourd\u2019hui, un puissant appel \u00e0 aimer le Christ, pr\u00e9sent dans nos fr\u00e8res qui portent en eux le fardeau de la maladie.<\/p>\n<p style=\"text-align: center;\"><em><strong>Le charisme camillien<\/strong><\/em><\/p>\n<p style=\"text-align: justify;\">Apr\u00e8s sa conversion, Camille a vou\u00e9 tout le reste de sa vie au service des pauvres malades. Aussi, a-t-il voulu que des hommes et des femmes accueillent et suivent son exemple en se d\u00e9vouant corps et \u00e2mes au service des membres souffrants du Christ. Pour ce faire, en plus des trois v\u0153ux classiques de pauvret\u00e9, chastet\u00e9 et d\u2019ob\u00e9issance, il liera ses fils et filles \u00e0 un quatri\u00e8me v\u0153u, celui de servir les malades m\u00eame au p\u00e9ril de leur vie.<\/p>\n<p style=\"text-align: justify;\">La sp\u00e9cifit\u00e9 du charisme camillien r\u00e9side alors dans le fait qu\u2019il prend en compte toute la personne humaine dans ses diff\u00e9rentes composantes, c\u2019est-\u00e0-dire corps et \u00e2me. C\u2019est ainsi que la communaut\u00e9 se composent de p\u00e8res et de fr\u00e8res, ce qui permet en effet d\u2019offrir et des soins corporels mais aussi en cas de besoin des soins spirituels \u00e0 travers l\u2019accompagnement spirituel et\/ou l\u2019administration des sacrements. La diversification de la formation re\u00e7ue par les religieux, qui va des sciences de la sant\u00e9 (m\u00e9decine, infirmerie et les diff\u00e9rentes sp\u00e9cialisations dans le domaine sanitaire) en passant par la pastorale sanitaire les habilite alors \u00e0 un tel service int\u00e9gral de l\u2019homme.<\/p>\n<p>[\/vc_column_text][\/vc_column][\/vc_row][vc_row top_margin=\u00a0\u00bbpage-margin-top\u00a0\u00bb el_position=\u00a0\u00bbfirst\u00a0\u00bb][vc_column width=\u00a0\u00bb1\/2&Prime;]<div class=\"gallery-box small-slider hover-icons-off\"><ul class=\"image-carousel small_slider id-small_slider autoplay-1 pause_on_hover-1 scroll-1 effect-scroll easing-easeInOutQuint duration-750\"><li><img loading=\"lazy\" decoding=\"async\" width=\"570\" height=\"380\" src=\"https:\/\/moscati.org\/wp-content\/uploads\/2023\/01\/congregation1.jpg\" class=\"attachment-medicenter-gallery-image size-medicenter-gallery-image\" alt=\"\" srcset=\"https:\/\/moscati.org\/wp-content\/uploads\/2023\/01\/congregation1.jpg 570w, https:\/\/moscati.org\/wp-content\/uploads\/2023\/01\/congregation1-300x200.jpg 300w, https:\/\/moscati.org\/wp-content\/uploads\/2023\/01\/congregation1-480x320.jpg 480w, https:\/\/moscati.org\/wp-content\/uploads\/2023\/01\/congregation1-390x260.jpg 390w, https:\/\/moscati.org\/wp-content\/uploads\/2023\/01\/congregation1-285x190.jpg 285w\" sizes=\"auto, (max-width: 570px) 100vw, 570px\" \/><ul class=\"controls\">\n\t\t\t\t<li>\n\t\t\t\t\t<a href=\"https:\/\/moscati.org\/wp-content\/uploads\/2023\/01\/congregation1.jpg\" class=\"template-plus-2 fancybox open-lightbox\" rel=\"small_slider[small_slider]\"><\/a>\n\t\t\t\t<\/li>\n\t\t\t<\/ul>\n\t\t<\/li><li><img loading=\"lazy\" decoding=\"async\" width=\"570\" height=\"380\" src=\"https:\/\/moscati.org\/wp-content\/uploads\/2023\/01\/congregation3.jpg\" class=\"attachment-medicenter-gallery-image size-medicenter-gallery-image\" alt=\"\" srcset=\"https:\/\/moscati.org\/wp-content\/uploads\/2023\/01\/congregation3.jpg 570w, https:\/\/moscati.org\/wp-content\/uploads\/2023\/01\/congregation3-300x200.jpg 300w, https:\/\/moscati.org\/wp-content\/uploads\/2023\/01\/congregation3-480x320.jpg 480w, https:\/\/moscati.org\/wp-content\/uploads\/2023\/01\/congregation3-390x260.jpg 390w, https:\/\/moscati.org\/wp-content\/uploads\/2023\/01\/congregation3-285x190.jpg 285w\" sizes=\"auto, (max-width: 570px) 100vw, 570px\" \/><ul class=\"controls\">\n\t\t\t\t<li>\n\t\t\t\t\t<a href=\"https:\/\/moscati.org\/wp-content\/uploads\/2023\/01\/congregation3.jpg\" class=\"template-plus-2 fancybox open-lightbox\" rel=\"small_slider[small_slider]\"><\/a>\n\t\t\t\t<\/li>\n\t\t\t<\/ul>\n\t\t<\/li><li><img loading=\"lazy\" decoding=\"async\" width=\"570\" height=\"380\" src=\"https:\/\/moscati.org\/wp-content\/uploads\/2023\/01\/congregation2.jpg\" class=\"attachment-medicenter-gallery-image size-medicenter-gallery-image\" alt=\"\" srcset=\"https:\/\/moscati.org\/wp-content\/uploads\/2023\/01\/congregation2.jpg 570w, https:\/\/moscati.org\/wp-content\/uploads\/2023\/01\/congregation2-300x200.jpg 300w, https:\/\/moscati.org\/wp-content\/uploads\/2023\/01\/congregation2-480x320.jpg 480w, https:\/\/moscati.org\/wp-content\/uploads\/2023\/01\/congregation2-390x260.jpg 390w, https:\/\/moscati.org\/wp-content\/uploads\/2023\/01\/congregation2-285x190.jpg 285w\" sizes=\"auto, (max-width: 570px) 100vw, 570px\" \/><ul class=\"controls\">\n\t\t\t\t<li>\n\t\t\t\t\t<a href=\"https:\/\/moscati.org\/wp-content\/uploads\/2023\/01\/congregation2.jpg\" class=\"template-plus-2 fancybox open-lightbox\" rel=\"small_slider[small_slider]\"><\/a>\n\t\t\t\t<\/li>\n\t\t\t<\/ul>\n\t\t<\/li><\/ul><\/div>[\/vc_column][vc_column width=\u00a0\u00bb1\/2&Prime;]<h2 class=\"box-header animation-slide\">Les fils et les filles de Saint Camille<\/h2>[vc_column_text]<\/p>\n<p style=\"text-align: justify;\">Au cours des si\u00e8cles, l\u2019appel de Camille \u00e9t\u00e9 accueilli par tant d\u2019\u00e2mes g\u00e9n\u00e9reuses, \u00e0 amplement manifest\u00e9 la f\u00e9condit\u00e9 du charisme de Camille de Lellis. Ainsi l\u2019Ordre des Ministres des Infirmes, r\u00e9alisant les souhaits de l\u2019amour sans limites de son Saint Fondateur, a \u00e9tendu ses branches sur les cinq continents, se diffusant au cours des cinquante derni\u00e8res ann\u00e9es dans vingt nouveaux pays, pour la plupart en voie de d\u00e9veloppement. R\u00e9cemment, ob\u00e9issant au d\u00e9sir du Successeur de Pierre, il a \u00e9galement fait briller la croix de Saint Camille en Arm\u00e9nie et en G\u00e9orgie, proclamant l\u2019Evangile de la charit\u00e9 envers les malades parmi ces peuples opprim\u00e9s pendant tant d\u2019ann\u00e9es par des r\u00e9gimes hostiles \u00e0 la religion chr\u00e9tienne.<\/p>\n<p style=\"text-align: justify;\">En Afrique, l\u2019Ordre est pr\u00e9sent dans les pays que sont le B\u00e9nin, le Burkina Faso, la Centrafrique, la C\u00f4te D\u2019Ivoire, le Kenya, le Madagascar, l\u2019Ouganda, la Tanzanie, le Togo.<\/p>\n<p>[\/vc_column_text][\/vc_column][\/vc_row][vc_row][vc_column][vc_column_text]<\/p>\n<p>[\/vc_column_text][\/vc_column][\/vc_row]<\/p>\n<\/section>","protected":false},"excerpt":{"rendered":"<p>[vc_row top_margin=\u00a0\u00bbpage-margin-top\u00a0\u00bb el_position=\u00a0\u00bbfirst\u00a0\u00bb][vc_column width=\u00a0\u00bb1\/2&Prime;][\/vc_column][vc_column width=\u00a0\u00bb1\/2&Prime;][vc_column_text] L\u2019H\u00f4pital Catholique Saint Joseph MOSCATI, comme son nom l\u2019indique est plac\u00e9e sous la protection de St Joseph MOSCATI. Mais qui est Saint Joseph MOSCATI\u00a0? N\u00e9 le 25 juillet 1880 \u00e0 B\u00e9n\u00e9vent, en Italie, dans la r\u00e9gion de Naples, il fit de brillantes \u00e9tudes en m\u00e9decine et exer\u00e7a consciencieusement sa carri\u00e8re<\/p>\n","protected":false},"author":1,"featured_media":0,"parent":0,"menu_order":0,"comment_status":"open","ping_status":"open","template":"","meta":{"footnotes":""},"class_list":["post-7","page","type-page","status-publish","hentry"],"_links":{"self":[{"href":"https:\/\/moscati.org\/index.php\/wp-json\/wp\/v2\/pages\/7","targetHints":{"allow":["GET"]}}],"collection":[{"href":"https:\/\/moscati.org\/index.php\/wp-json\/wp\/v2\/pages"}],"about":[{"href":"https:\/\/moscati.org\/index.php\/wp-json\/wp\/v2\/types\/page"}],"author":[{"embeddable":true,"href":"https:\/\/moscati.org\/index.php\/wp-json\/wp\/v2\/users\/1"}],"replies":[{"embeddable":true,"href":"https:\/\/moscati.org\/index.php\/wp-json\/wp\/v2\/comments?post=7"}],"version-history":[{"count":43,"href":"https:\/\/moscati.org\/index.php\/wp-json\/wp\/v2\/pages\/7\/revisions"}],"predecessor-version":[{"id":6071,"href":"https:\/\/moscati.org\/index.php\/wp-json\/wp\/v2\/pages\/7\/revisions\/6071"}],"wp:attachment":[{"href":"https:\/\/moscati.org\/index.php\/wp-json\/wp\/v2\/media?parent=7"}],"curies":[{"name":"wp","href":"https:\/\/api.w.org\/{rel}","templated":true}]}}